{"id":8192,"date":"2025-09-11T11:38:03","date_gmt":"2025-09-11T16:38:03","guid":{"rendered":"https:\/\/jmc.pe\/camiones\/?page_id=8192"},"modified":"2025-12-24T13:18:20","modified_gmt":"2025-12-24T18:18:20","slug":"electricos","status":"publish","type":"page","link":"https:\/\/jmc.pe\/camiones\/electricos\/","title":{"rendered":"electricos"},"content":{"rendered":"\n<div class=\"wp-block-group banner-main\"><div class=\"wp-block-group__inner-container is-layout-constrained wp-block-group-is-layout-constrained\">\n<figure class=\"wp-block-image size-full w-100 d-none d-md-block\"><img loading=\"lazy\" decoding=\"async\" width=\"1920\" height=\"800\" src=\"https:\/\/jmc.pe\/camiones\/wp-content\/uploads\/2025\/09\/banner-jmc-electricos-desktop.jpg\" alt=\"\" class=\"wp-image-8260\" srcset=\"https:\/\/jmc.pe\/camiones\/wp-content\/uploads\/2025\/09\/banner-jmc-electricos-desktop.jpg 1920w, https:\/\/jmc.pe\/camiones\/wp-content\/uploads\/2025\/09\/banner-jmc-electricos-desktop-300x125.jpg 300w, https:\/\/jmc.pe\/camiones\/wp-content\/uploads\/2025\/09\/banner-jmc-electricos-desktop-1024x427.jpg 1024w, https:\/\/jmc.pe\/camiones\/wp-content\/uploads\/2025\/09\/banner-jmc-electricos-desktop-768x320.jpg 768w, https:\/\/jmc.pe\/camiones\/wp-content\/uploads\/2025\/09\/banner-jmc-electricos-desktop-1536x640.jpg 1536w\" sizes=\"auto, (max-width: 1920px) 100vw, 1920px\" \/><\/figure>\n\n\n\n<figure class=\"wp-block-image size-full w-100 d-md-none\"><img loading=\"lazy\" decoding=\"async\" width=\"750\" height=\"1254\" src=\"https:\/\/jmc.pe\/camiones\/wp-content\/uploads\/2025\/09\/banner-jmc-electricos-mobile.jpg\" alt=\"\" class=\"wp-image-8261\" srcset=\"https:\/\/jmc.pe\/camiones\/wp-content\/uploads\/2025\/09\/banner-jmc-electricos-mobile.jpg 750w, https:\/\/jmc.pe\/camiones\/wp-content\/uploads\/2025\/09\/banner-jmc-electricos-mobile-179x300.jpg 179w, https:\/\/jmc.pe\/camiones\/wp-content\/uploads\/2025\/09\/banner-jmc-electricos-mobile-612x1024.jpg 612w\" sizes=\"auto, (max-width: 750px) 100vw, 750px\" \/><\/figure>\n\n\n\n<div class=\"wp-block-columns are-vertically-aligned-center container is-layout-flex wp-container-core-columns-is-layout-9d6595d7 wp-block-columns-is-layout-flex\">\n<div class=\"wp-block-column is-vertically-aligned-center is-layout-flow wp-block-column-is-layout-flow\" style=\"flex-basis:430px\">\n<h1 class=\"wp-block-heading\" style=\"font-size:40px\">JMC 100% veh\u00edculos el\u00e9ctricos<\/h1>\n\n\n\n<div class=\"wp-block-group container-parrafo\"><div class=\"wp-block-group__inner-container is-layout-constrained wp-block-group-is-layout-constrained\">\n<p style=\"font-size:16px\">Dise\u00f1ados para mover negocios con tecnolog\u00eda, potencia y compromiso.<\/p>\n<\/div><\/div>\n\n\n\n<div class=\"wp-block-buttons is-layout-flex wp-block-buttons-is-layout-flex\">\n<div class=\"wp-block-button has-custom-font-size is-style-fill btn-models\" style=\"font-size:15px\"><a class=\"wp-block-button__link has-background wp-element-button\" style=\"border-radius:0px;background-color:#ed1c25\">VER MODELOS<\/a><\/div>\n<\/div>\n<\/div>\n<\/div>\n<\/div><\/div>\n\n\n\n<div class=\"wp-block-group nuestros-numeros has-white-color has-text-color has-background has-link-color wp-elements-74384deea9ca13c49559ed44f9e60615\" style=\"background-color:#1d1d1c\"><div class=\"wp-block-group__inner-container is-layout-constrained wp-block-group-is-layout-constrained\">\n<div class=\"wp-block-group container\"><div class=\"wp-block-group__inner-container is-layout-constrained wp-block-group-is-layout-constrained\">\n<div class=\"wp-block-getwid-content-slider has-arrows-none has-dots-none\" data-arrows=\"none\" data-dots=\"none\" data-slides-show=\"3\" data-slides-show-laptop=\"2\"><div class=\"wp-block-getwid-content-slider__wrapper\">\n<div class=\"wp-block-getwid-content-slider-slide first\"><div class=\"wp-block-getwid-content-slider-slide__wrapper\">\n<div class=\"wp-block-group is-nowrap is-layout-flex wp-container-core-group-is-layout-ad2f72ca wp-block-group-is-layout-flex\">\n<div class=\"wp-block-group is-vertical is-content-justification-right is-layout-flex wp-container-core-group-is-layout-b6c475e2 wp-block-group-is-layout-flex\">\n<p class=\"white-space has-text-color has-link-color wp-elements-a02f938cc1e33a3c9e71a53a5762c9b3\" style=\"color:#e30614;font-size:32px\"><strong>+ 850k<\/strong><\/p>\n\n\n\n<p class=\"has-text-align-right has-text-color has-link-color wp-elements-236491090541de56c6269fd6f60b5c0f\" style=\"color:#e30614;font-size:18px;font-style:normal;font-weight:600\">Unidades<br>producidas<\/p>\n<\/div>\n\n\n\n<p style=\"font-size:14px\">Con presencia en m\u00e1s de 115 pa\u00edses a nivel global, Per\u00fa es uno de sus mercados principales con m\u00e1s de 30 concesionarios a nivel nacional.<\/p>\n<\/div>\n<\/div><\/div>\n\n\n\n<div class=\"wp-block-getwid-content-slider-slide\"><div class=\"wp-block-getwid-content-slider-slide__wrapper\">\n<div class=\"wp-block-group is-nowrap is-layout-flex wp-container-core-group-is-layout-ad2f72ca wp-block-group-is-layout-flex\">\n<div class=\"wp-block-group is-vertical is-content-justification-right is-layout-flex wp-container-core-group-is-layout-b6c475e2 wp-block-group-is-layout-flex\">\n<p class=\"white-space has-text-color has-link-color wp-elements-b994caee3ae99f01896904c557f77f1a\" style=\"color:#e30614;font-size:32px\"><strong>100%<\/strong><\/p>\n\n\n\n<p class=\"has-text-align-right has-text-color has-link-color wp-elements-48927923828b9e845cc16ef77f1d80d5\" style=\"color:#e30614;font-size:18px;font-style:normal;font-weight:600\">Tecnolog\u00eda el\u00e9crica<\/p>\n<\/div>\n\n\n\n<p style=\"font-size:14px\">Nueva l\u00ednea de veh\u00edculos cero emisiones, eficientes y con garant\u00eda especializada.<\/p>\n<\/div>\n<\/div><\/div>\n\n\n\n<div class=\"wp-block-getwid-content-slider-slide\"><div class=\"wp-block-getwid-content-slider-slide__wrapper\">\n<div class=\"wp-block-group is-nowrap is-layout-flex wp-container-core-group-is-layout-ad2f72ca wp-block-group-is-layout-flex\">\n<div class=\"wp-block-group is-vertical is-content-justification-right is-layout-flex wp-container-core-group-is-layout-b6c475e2 wp-block-group-is-layout-flex\">\n<p class=\"white-space has-text-color has-link-color wp-elements-c50d731445465dcd6de7442aaf0700d9\" style=\"color:#e30614;font-size:32px\"><strong>+5<\/strong><\/p>\n\n\n\n<p class=\"has-text-align-right has-text-color has-link-color wp-elements-745e5e1689f658c618489530f5f5f47b\" style=\"color:#e30614;font-size:18px;font-style:normal;font-weight:600\">Modelos nuevos<\/p>\n<\/div>\n\n\n\n<p style=\"font-size:14px\">Desde pick ups para la aventura y el trabajo duro en minas, hasta camiones y minivans para grandes negocios y de \u00faltima milla.<\/p>\n<\/div>\n<\/div><\/div>\n<\/div><\/div>\n<\/div><\/div>\n<\/div><\/div>\n\n\n\n<div class=\"wp-block-group seccion-descripcion\"><div class=\"wp-block-group__inner-container is-layout-constrained wp-block-group-is-layout-constrained\">\n<div class=\"wp-block-group container\"><div class=\"wp-block-group__inner-container is-layout-constrained wp-block-group-is-layout-constrained\">\n<div class=\"wp-block-columns are-vertically-aligned-center is-layout-flex wp-container-core-columns-is-layout-9d6595d7 wp-block-columns-is-layout-flex\">\n<div class=\"wp-block-column is-vertically-aligned-center is-layout-flow wp-block-column-is-layout-flow\">\n<figure class=\"wp-block-image size-large\"><img loading=\"lazy\" decoding=\"async\" width=\"1024\" height=\"683\" src=\"https:\/\/jmc.pe\/camiones\/wp-content\/uploads\/2025\/09\/jmc-modelo-electrico-1024x683.jpg\" alt=\"\" class=\"wp-image-8263\" srcset=\"https:\/\/jmc.pe\/camiones\/wp-content\/uploads\/2025\/09\/jmc-modelo-electrico-1024x683.jpg 1024w, https:\/\/jmc.pe\/camiones\/wp-content\/uploads\/2025\/09\/jmc-modelo-electrico-300x200.jpg 300w, https:\/\/jmc.pe\/camiones\/wp-content\/uploads\/2025\/09\/jmc-modelo-electrico-768x512.jpg 768w, https:\/\/jmc.pe\/camiones\/wp-content\/uploads\/2025\/09\/jmc-modelo-electrico.jpg 1224w\" sizes=\"auto, (max-width: 1024px) 100vw, 1024px\" \/><\/figure>\n<\/div>\n\n\n\n<div class=\"wp-block-column is-vertically-aligned-center is-layout-flow wp-block-column-is-layout-flow\">\n<h2 class=\"wp-block-heading title-decoration\">JMC 100% el\u00e9ctricos<\/h2>\n\n\n\n<p style=\"font-size:16px\">Los veh\u00edculos el\u00e9ctricos JMC combinan innovaci\u00f3n, eficiencia y compromiso con el medio ambiente. Contamos con una amplia gama, desde pick ups, vans hasta camiones, ideales para todo tipo de negocios. Ofrecen menor costo operativo, cero emisiones y un desempe\u00f1o sin ruido y muy potente. Son perfectos para quienes buscan modernizar su flota y reducir su huella de carbono.<\/p>\n\n\n\n<p style=\"font-size:16px\">En JMC, te ofrecemos veh\u00edculos el\u00e9ctricos confiables, potentes y adaptados a las rutas del Per\u00fa.<\/p>\n<\/div>\n<\/div>\n<\/div><\/div>\n<\/div><\/div>\n\n\n\n<div id=\"seccion-modelos\" class=\"wp-block-group seccion-modelos has-white-color has-text-color has-background has-link-color wp-elements-c63f506055c3bc1375a48834e4c3d4ef\" style=\"background-color:#1d1d1c\"><div class=\"wp-block-group__inner-container is-layout-constrained wp-block-group-is-layout-constrained\">\n<div class=\"wp-block-group container\"><div class=\"wp-block-group__inner-container is-layout-constrained wp-block-group-is-layout-constrained\">\n<h2 class=\"wp-block-heading title-decoration\" style=\"font-size:28px\">Descubre nuestros modelos el\u00e9ctricos<\/h2>\n\n\n\n<div class=\"wp-block-getwid-content-slider has-arrows-outside has-dots-outside\" data-arrows=\"outside\" data-dots=\"outside\" data-slides-show=\"3\" data-slides-show-laptop=\"2\"><div class=\"wp-block-getwid-content-slider__wrapper\">\n<div class=\"wp-block-getwid-content-slider-slide\"><div class=\"wp-block-getwid-content-slider-slide__wrapper\">\n<div class=\"wp-block-cover\"><span aria-hidden=\"true\" class=\"wp-block-cover__background has-background-dim-0 has-background-dim\" style=\"background-color:#6d7d83\"><\/span><img loading=\"lazy\" decoding=\"async\" width=\"405\" height=\"554\" class=\"wp-block-cover__image-background wp-image-8264\" alt=\"\" src=\"https:\/\/jmc.pe\/camiones\/wp-content\/uploads\/2025\/09\/img-grand-avenue.jpg\" data-object-fit=\"cover\" srcset=\"https:\/\/jmc.pe\/camiones\/wp-content\/uploads\/2025\/09\/img-grand-avenue.jpg 405w, https:\/\/jmc.pe\/camiones\/wp-content\/uploads\/2025\/09\/img-grand-avenue-219x300.jpg 219w\" sizes=\"auto, (max-width: 405px) 100vw, 405px\" \/><div class=\"wp-block-cover__inner-container is-layout-flow wp-block-cover-is-layout-flow\">\n<div class=\"wp-block-group is-vertical is-layout-flex wp-container-core-group-is-layout-0abfb586 wp-block-group-is-layout-flex\">\n<h3 class=\"wp-block-heading\">Grand Avenue EV<\/h3>\n\n\n\n<p>Descubre el dise\u00f1o ic\u00f3nico y la tecnolog\u00eda de \u00faltima generaci\u00f3n de la Grand Avenue<\/p>\n\n\n\n<div class=\"wp-block-buttons is-layout-flex wp-block-buttons-is-layout-flex\">\n<div class=\"wp-block-button has-custom-font-size\" style=\"font-size:14px;font-style:normal;font-weight:600\"><a class=\"wp-block-button__link has-white-background-color has-text-color has-background has-link-color wp-element-button\" href=\"https:\/\/jmc.pe\/pasajeros\/modelos\/grand-avenue-ev\/\" style=\"border-radius:0px;color:#e30614\">Ver modelo<\/a><\/div>\n\n\n\n<div class=\"wp-block-button has-custom-font-size\" style=\"font-size:14px;font-style:normal;font-weight:600\"><a class=\"wp-block-button__link has-white-color has-text-color has-background has-link-color wp-element-button\" href=\"https:\/\/jmc.pe\/pasajeros\/cotizar\/cotizar-grand-avenue-ev\/\" style=\"border-radius:0px;background-color:#e30614\">Cotizar<\/a><\/div>\n<\/div>\n<\/div>\n<\/div><\/div>\n<\/div><\/div>\n\n\n\n<div class=\"wp-block-getwid-content-slider-slide\"><div class=\"wp-block-getwid-content-slider-slide__wrapper\">\n<div class=\"wp-block-cover is-light has-white-color has-text-color has-link-color wp-elements-9475215bec236a75fd67d311311c0502\"><span aria-hidden=\"true\" class=\"wp-block-cover__background has-background-dim-0 has-background-dim\" style=\"background-color:#6d7d83\"><\/span><img loading=\"lazy\" decoding=\"async\" width=\"891\" height=\"1219\" class=\"wp-block-cover__image-background wp-image-8265\" alt=\"\" src=\"https:\/\/jmc.pe\/camiones\/wp-content\/uploads\/2025\/09\/img-vigus.jpg\" data-object-fit=\"cover\" srcset=\"https:\/\/jmc.pe\/camiones\/wp-content\/uploads\/2025\/09\/img-vigus.jpg 891w, https:\/\/jmc.pe\/camiones\/wp-content\/uploads\/2025\/09\/img-vigus-219x300.jpg 219w, https:\/\/jmc.pe\/camiones\/wp-content\/uploads\/2025\/09\/img-vigus-748x1024.jpg 748w, https:\/\/jmc.pe\/camiones\/wp-content\/uploads\/2025\/09\/img-vigus-768x1051.jpg 768w\" sizes=\"auto, (max-width: 891px) 100vw, 891px\" \/><div class=\"wp-block-cover__inner-container is-layout-flow wp-block-cover-is-layout-flow\">\n<div class=\"wp-block-group is-vertical is-layout-flex wp-container-core-group-is-layout-0abfb586 wp-block-group-is-layout-flex\">\n<h3 class=\"wp-block-heading\">Vigus EV<\/h3>\n\n\n\n<p>Descubre el dise\u00f1o ic\u00f3nico y la tecnolog\u00eda de \u00faltima generaci\u00f3n de la Vigus EV<\/p>\n\n\n\n<div class=\"wp-block-buttons is-layout-flex wp-block-buttons-is-layout-flex\">\n<div class=\"wp-block-button has-custom-font-size\" style=\"font-size:14px;font-style:normal;font-weight:600\"><a class=\"wp-block-button__link has-white-background-color has-text-color has-background has-link-color wp-element-button\" href=\"https:\/\/jmc.pe\/pasajeros\/modelos\/vigus-ev\/\" style=\"border-radius:0px;color:#e30614\">Ver modelo<\/a><\/div>\n\n\n\n<div class=\"wp-block-button has-custom-font-size\" style=\"font-size:14px;font-style:normal;font-weight:600\"><a class=\"wp-block-button__link has-white-color has-text-color has-background has-link-color wp-element-button\" href=\"https:\/\/jmc.pe\/pasajeros\/cotizar\/cotizar-vigus-ev\/\" style=\"border-radius:0px;background-color:#e30614\">Cotizar<\/a><\/div>\n<\/div>\n<\/div>\n<\/div><\/div>\n<\/div><\/div>\n\n\n\n<div class=\"wp-block-getwid-content-slider-slide\"><div class=\"wp-block-getwid-content-slider-slide__wrapper\">\n<div class=\"wp-block-cover\"><span aria-hidden=\"true\" class=\"wp-block-cover__background has-background-dim-0 has-background-dim\" style=\"background-color:#6d7d83\"><\/span><img loading=\"lazy\" decoding=\"async\" width=\"891\" height=\"1219\" class=\"wp-block-cover__image-background wp-image-8266\" alt=\"\" src=\"https:\/\/jmc.pe\/camiones\/wp-content\/uploads\/2025\/09\/img-Conquer.jpg\" data-object-fit=\"cover\" srcset=\"https:\/\/jmc.pe\/camiones\/wp-content\/uploads\/2025\/09\/img-Conquer.jpg 891w, https:\/\/jmc.pe\/camiones\/wp-content\/uploads\/2025\/09\/img-Conquer-219x300.jpg 219w, https:\/\/jmc.pe\/camiones\/wp-content\/uploads\/2025\/09\/img-Conquer-748x1024.jpg 748w, https:\/\/jmc.pe\/camiones\/wp-content\/uploads\/2025\/09\/img-Conquer-768x1051.jpg 768w\" sizes=\"auto, (max-width: 891px) 100vw, 891px\" \/><div class=\"wp-block-cover__inner-container is-layout-flow wp-block-cover-is-layout-flow\">\n<div class=\"wp-block-group is-vertical is-layout-flex wp-container-core-group-is-layout-0abfb586 wp-block-group-is-layout-flex\">\n<h3 class=\"wp-block-heading\">EV Truck<\/h3>\n\n\n\n<p>Robusto, inteligente y 100% el\u00e9ctrico. Ideal para operaciones pesadas y sostenibles.<\/p>\n\n\n\n<div class=\"wp-block-buttons is-layout-flex wp-block-buttons-is-layout-flex\">\n<div class=\"wp-block-button has-custom-font-size\" style=\"font-size:14px;font-style:normal;font-weight:600\"><a class=\"wp-block-button__link has-white-background-color has-text-color has-background has-link-color wp-element-button\" href=\"https:\/\/jmc.pe\/camiones\/modelos\/ev-truck\/\" style=\"border-radius:0px;color:#e30614\">Ver modelo<\/a><\/div>\n\n\n\n<div class=\"wp-block-button has-custom-font-size\" style=\"font-size:14px;font-style:normal;font-weight:600\"><a class=\"wp-block-button__link has-white-color has-text-color has-background has-link-color wp-element-button\" href=\"https:\/\/jmc.pe\/camiones\/modelos\/ev-truck\/\" style=\"border-radius:0px;background-color:#e30614\">Cotizar<\/a><\/div>\n<\/div>\n<\/div>\n<\/div><\/div>\n<\/div><\/div>\n<\/div><\/div>\n<\/div><\/div>\n<\/div><\/div>\n\n\n\n<div class=\"wp-block-group seccion-carga-rapida has-white-color has-text-color has-background has-link-color wp-elements-73328ed283ab0ad4b2019611a54e62d6\" style=\"background-color:#1d1d1c\"><div class=\"wp-block-group__inner-container is-layout-constrained wp-block-group-is-layout-constrained\">\n<div class=\"wp-block-group container\"><div class=\"wp-block-group__inner-container is-layout-constrained wp-block-group-is-layout-constrained\">\n<div class=\"wp-block-columns are-vertically-aligned-center is-layout-flex wp-container-core-columns-is-layout-9d6595d7 wp-block-columns-is-layout-flex\">\n<div class=\"wp-block-column is-vertically-aligned-center is-layout-flow wp-block-column-is-layout-flow\">\n<h2 class=\"wp-block-heading title-decoration\" style=\"font-size:24px\">Descubre el poder de la carga r\u00e1pida JMC<\/h2>\n\n\n\n<p class=\"mb-4\">Recorre m\u00e1s en menos tiempo con la tecnolog\u00eda de carga r\u00e1pida de JMC.<\/p>\n\n\n\n<div class=\"wp-block-columns is-not-stacked-on-mobile item is-layout-flex wp-container-core-columns-is-layout-9d6595d7 wp-block-columns-is-layout-flex\">\n<div class=\"wp-block-column is-layout-flow wp-block-column-is-layout-flow\" style=\"flex-basis:32px\">\n<figure class=\"wp-block-image size-full\"><img loading=\"lazy\" decoding=\"async\" width=\"40\" height=\"40\" src=\"https:\/\/jmc.pe\/camiones\/wp-content\/uploads\/2025\/09\/Carga.png\" alt=\"\" class=\"wp-image-8270\"\/><\/figure>\n<\/div>\n\n\n\n<div class=\"wp-block-column is-layout-flow wp-block-column-is-layout-flow\">\n<p>Carga de 20\u202f% a 80\u202f% en solo 30\u202fmin aprox. ideal para rutas de largo recorrido.<\/p>\n<\/div>\n<\/div>\n\n\n\n<div class=\"wp-block-columns is-not-stacked-on-mobile item is-layout-flex wp-container-core-columns-is-layout-9d6595d7 wp-block-columns-is-layout-flex\">\n<div class=\"wp-block-column is-layout-flow wp-block-column-is-layout-flow\" style=\"flex-basis:32px\">\n<figure class=\"wp-block-image size-full\"><img loading=\"lazy\" decoding=\"async\" width=\"40\" height=\"40\" src=\"https:\/\/jmc.pe\/camiones\/wp-content\/uploads\/2025\/09\/Cero-emisiones.png\" alt=\"\" class=\"wp-image-8271\"\/><\/figure>\n<\/div>\n\n\n\n<div class=\"wp-block-column is-layout-flow wp-block-column-is-layout-flow\">\n<p>Cero emisiones y menor costo operativo que los veh\u00edculos di\u00e9sel tradicionales<\/p>\n<\/div>\n<\/div>\n\n\n\n<div class=\"wp-block-columns is-not-stacked-on-mobile item is-layout-flex wp-container-core-columns-is-layout-9d6595d7 wp-block-columns-is-layout-flex\">\n<div class=\"wp-block-column is-layout-flow wp-block-column-is-layout-flow\" style=\"flex-basis:32px\">\n<figure class=\"wp-block-image size-full\"><img loading=\"lazy\" decoding=\"async\" width=\"40\" height=\"40\" src=\"https:\/\/jmc.pe\/camiones\/wp-content\/uploads\/2025\/09\/Ubicacion.png\" alt=\"\" class=\"wp-image-8272\"\/><\/figure>\n<\/div>\n\n\n\n<div class=\"wp-block-column is-layout-flow wp-block-column-is-layout-flow\">\n<p>Encuentralo en Av. La Marina 830, Pueblo Libre.<\/p>\n<\/div>\n<\/div>\n<\/div>\n\n\n\n<div class=\"wp-block-column is-vertically-aligned-center is-layout-flow wp-block-column-is-layout-flow\">\n<figure class=\"wp-block-image size-large\"><img loading=\"lazy\" decoding=\"async\" width=\"1024\" height=\"683\" src=\"https:\/\/jmc.pe\/camiones\/wp-content\/uploads\/2025\/09\/jmc-camion-carga-electica-1024x683.png\" alt=\"\" class=\"wp-image-8267\" srcset=\"https:\/\/jmc.pe\/camiones\/wp-content\/uploads\/2025\/09\/jmc-camion-carga-electica-1024x683.png 1024w, https:\/\/jmc.pe\/camiones\/wp-content\/uploads\/2025\/09\/jmc-camion-carga-electica-300x200.png 300w, https:\/\/jmc.pe\/camiones\/wp-content\/uploads\/2025\/09\/jmc-camion-carga-electica-768x512.png 768w, https:\/\/jmc.pe\/camiones\/wp-content\/uploads\/2025\/09\/jmc-camion-carga-electica.png 1425w\" sizes=\"auto, (max-width: 1024px) 100vw, 1024px\" \/><\/figure>\n<\/div>\n<\/div>\n<\/div><\/div>\n<\/div><\/div>\n\n\n\n<div class=\"wp-block-group seccion-tabs\"><div class=\"wp-block-group__inner-container is-layout-constrained wp-block-group-is-layout-constrained\">\n<div class=\"wp-block-group container\"><div class=\"wp-block-group__inner-container is-layout-constrained wp-block-group-is-layout-constrained\">\n<div class=\"wp-block-columns is-layout-flex wp-container-core-columns-is-layout-9d6595d7 wp-block-columns-is-layout-flex\">\n<div class=\"wp-block-column is-layout-flow wp-block-column-is-layout-flow\" style=\"flex-basis:40%\">\n<h2 class=\"wp-block-heading title-decoration has-hyundai-sans-text-medium-font-family\" style=\"font-size:28px;font-style:normal;font-weight:700;line-height:1.5\">\u00bfTienes dudas? Aqu\u00ed las respondemos<\/h2>\n<\/div>\n\n\n\n<div class=\"wp-block-column is-layout-flow wp-block-column-is-layout-flow\">\n<div class=\"wp-block-getwid-accordion acordeon-content\" data-active-element=\"0\">\n<div class=\"wp-block-getwid-accordion__header-wrapper\"><h3 class=\"wp-block-getwid-accordion__header\"><a href=\"#\"><span class=\"wp-block-getwid-accordion__header-title\">\u00bfQu\u00e9 modelos el\u00e9ctricos ofrece JMC en Per\u00fa?<\/span><span class=\"wp-block-getwid-accordion__icon is-active\"><i class=\"fas fa-plus\"><\/i><\/span><span class=\"wp-block-getwid-accordion__icon is-passive\"><i class=\"fas fa-minus\"><\/i><\/span><\/a><\/h3><\/div><div class=\"wp-block-getwid-accordion__content-wrapper\"><div class=\"wp-block-getwid-accordion__content\">\n<p class=\"has-foreground-color has-text-color has-normal-font-size\">JMC ha presentado cuatro modelos comerciales totalmente el\u00e9ctricos: una van panel, una versi\u00f3n de pasajeros, un cami\u00f3n ligero y la pickup Grand Electric\u202f.<\/p>\n<\/div><\/div>\n\n\n\n<div class=\"wp-block-getwid-accordion__header-wrapper\"><h3 class=\"wp-block-getwid-accordion__header\"><a href=\"#\"><span class=\"wp-block-getwid-accordion__header-title\">\u00bfCu\u00e1l es la autonom\u00eda de estos veh\u00edculos el\u00e9ctricos JMC?<\/span><span class=\"wp-block-getwid-accordion__icon is-active\"><i class=\"fas fa-plus\"><\/i><\/span><span class=\"wp-block-getwid-accordion__icon is-passive\"><i class=\"fas fa-minus\"><\/i><\/span><\/a><\/h3><\/div><div class=\"wp-block-getwid-accordion__content-wrapper\"><div class=\"wp-block-getwid-accordion__content\">\n<p class=\"has-normal-font-size\">JMC ha presentado cuatro modelos comerciales totalmente el\u00e9ctricos: una van panel, una versi\u00f3n de pasajeros, un cami\u00f3n ligero y la pickup Grand Electric\u202f.<\/p>\n<\/div><\/div>\n\n\n\n<div class=\"wp-block-getwid-accordion__header-wrapper\"><h3 class=\"wp-block-getwid-accordion__header\"><a href=\"#\"><span class=\"wp-block-getwid-accordion__header-title\">\u00bfQu\u00e9 respaldo postventa tienen los el\u00e9ctricos JMC?<\/span><span class=\"wp-block-getwid-accordion__icon is-active\"><i class=\"fas fa-plus\"><\/i><\/span><span class=\"wp-block-getwid-accordion__icon is-passive\"><i class=\"fas fa-minus\"><\/i><\/span><\/a><\/h3><\/div><div class=\"wp-block-getwid-accordion__content-wrapper\"><div class=\"wp-block-getwid-accordion__content\">\n<p class=\"has-normal-font-size\">JMC ha presentado cuatro modelos comerciales totalmente el\u00e9ctricos: una van panel, una versi\u00f3n de pasajeros, un cami\u00f3n ligero y la pickup Grand Electric\u202f.<\/p>\n<\/div><\/div>\n\n\n\n<div class=\"wp-block-getwid-accordion__header-wrapper\"><h3 class=\"wp-block-getwid-accordion__header\"><a href=\"#\"><span class=\"wp-block-getwid-accordion__header-title\">\u00bfCu\u00e1nto tiempo se tarda en cargar la bater\u00eda?<\/span><span class=\"wp-block-getwid-accordion__icon is-active\"><i class=\"fas fa-plus\"><\/i><\/span><span class=\"wp-block-getwid-accordion__icon is-passive\"><i class=\"fas fa-minus\"><\/i><\/span><\/a><\/h3><\/div><div class=\"wp-block-getwid-accordion__content-wrapper\"><div class=\"wp-block-getwid-accordion__content\">\n<p class=\"has-normal-font-size\">JMC ha presentado cuatro modelos comerciales totalmente el\u00e9ctricos: una van panel, una versi\u00f3n de pasajeros, un cami\u00f3n ligero y la pickup Grand Electric\u202f.<\/p>\n<\/div><\/div>\n<\/div>\n<\/div>\n<\/div>\n<\/div><\/div>\n<\/div><\/div>\n\n\n\n<style>\n    h1 {\n        font-size: 34px !important;\n    }\n\n    p {\n        text-align: unset;\n    }\n\n    figure {\n        margin-bottom: 0;\n    }\n\n    .w-100 img {\n        width: 100%;\n    }\n\n    .white-space {\n        white-space: nowrap;\n    }\n\n    .title-decoration {\n        position: relative;\n    }\n\n    .title-decoration::after {\n        content: \"\";\n        display: block;\n        width: 80px;\n        height: 5px;\n        background-color: #E30614;\n        margin-top: 1rem;\n    }\n\n    .title-caracteristicas {\n        margin-bottom: 40px;\n    }\n\n    .banner-main {\n        position: relative;\n    }\n\n    .banner-main .wp-block-columns {\n        position: absolute;\n        top: 0;\n        right: 0;\n        left: 0;\n        bottom: 0;\n        color: #fff;\n    }\n\n    .banner-main .container-parrafo {\n        max-width: 350px;\n        margin-bottom: 32px;\n    }\n\n    .nuestros-numeros {\n        padding-top: 56px;\n        padding-bottom: 56px;\n    }\n\n    .nuestros-numeros .wp-block-getwid-content-slider-slide__wrapper>.wp-block-group {\n        gap: 20px;\n    }\n\n    .nuestros-numeros .wp-block-getwid-content-slider-slide__wrapper {\n        border-left: 1px solid rgba(256, 256, 256, 0.5);\n        padding-left: 15px;\n        margin-left: 15px;\n    }\n\n    .nuestros-numeros .wp-block-getwid-content-slider-slide.first .wp-block-getwid-content-slider-slide__wrapper {\n        border-left: none;\n        padding-left: 0;\n        margin-left: 0;\n    }\n\n    .nuestros-numeros .wp-block-getwid-content-slider-slide__wrapper>.wp-block-group>.wp-block-group {\n        gap: 0;\n    }\n\n    .seccion-descripcion .wp-block-columns {\n        margin-bottom: 0;\n    }\n\n    .seccion-descripcion,\n    .seccion-modelos,\n    .seccion-caracteristicas,\n    .seccion-carga-rapida,\n    .seccion-tabs {\n        padding-top: 80px;\n        padding-bottom: 80px;\n    }\n\n    .seccion-modelos .wp-block-getwid-content-slider-slide {\n        margin-right: 16px;\n        margin-left: 16px;\n    }\n\n    .seccion-modelos .wp-block-getwid-content-slider-slide .wp-block-cover {\n        height: 460px;\n        padding: 24px;\n    }\n\n    .seccion-modelos .wp-block-getwid-content-slider-slide .wp-block-cover__inner-container,\n    .seccion-modelos .wp-block-getwid-content-slider-slide .wp-block-cover__inner-container>.wp-block-group {\n        height: 100%;\n    }\n\n    .seccion-modelos .wp-block-getwid-content-slider__wrapper {\n        padding-bottom: 48px !important;\n    }\n\n    .seccion-modelos .wp-block-buttons {\n        width: 100%;\n        gap: 16px;\n    }\n\n    .seccion-modelos .wp-block-button {\n        width: calc(50% - 8px);\n    }\n\n    .seccion-modelos .wp-block-button__link {\n        width: 100%;\n        padding-right: 12px;\n        padding-left: 12px;\n    }\n\n    .seccion-modelos .slick-dots {\n        max-width: 50%;\n        bottom: 0.5rem;\n        text-align: start;\n    }\n\n    .seccion-modelos .slick-arrow {\n        top: initial;\n        bottom: 0;\n        transform: initial;\n        width: 35px;\n        height: 35px;\n    }\n\n    .seccion-modelos .slick-arrow::before {\n        font: normal normal normal 21px \/ 1 FontAwesome;\n        font-size: 2rem !important;\n        text-rendering: auto;\n        color: #ffF !important;\n    }\n\n    .seccion-modelos .slick-arrow.slick-prev::before {\n        content: \"\\f104\";\n    }\n\n    .seccion-modelos .slick-arrow.slick-next::before {\n        content: \"\\f105\";\n    }\n\n    .seccion-modelos .slick-prev {\n        right: 4rem;\n        left: initial !important;\n    }\n\n    .seccion-modelos .slick-arrow,\n    .seccion-modelos .slick-dots button {\n        font-size: 0 !important;\n    }\n\n    .seccion-modelos .wp-block-getwid-content-slider .slick-dots li {\n        width: initial;\n        height: initial;\n    }\n\n    .seccion-modelos .wp-block-getwid-content-slider .slick-dots li button {\n        background-color: #B7B7B7;\n        width: 70px;\n        height: 5px;\n        padding: 0;\n    }\n\n    .seccion-modelos .wp-block-getwid-content-slider .slick-dots li.slick-active button {\n        background-color: #E30614;\n    }\n\n    .seccion-modelos .wp-block-getwid-content-slider .slick-dots li button::before {\n        content: none;\n    }\n\n    .seccion-caracteristicas .grid-caracteristicas {\n        margin-top: 40px;\n    }\n\n    .seccion-caracteristicas .grid-caracteristicas>.wp-block-group__inner-container {\n        gap: 40px;\n    }\n\n    .seccion-caracteristicas .grid-caracteristicas>.wp-block-group__inner-container>.wp-block-columns {\n        gap: 16px;\n    }\n\n    .seccion-carga-rapida {\n        background-image: linear-gradient(135deg, #1D1D1C 63%, #E30614 50%);\n    }\n\n    .seccion-carga-rapida .item {\n        gap: 8px;\n        margin-bottom: 16px;\n    }\n\n    .seccion-carga-rapida .item:last-of-type {\n        margin-bottom: 0;\n    }\n\n    .seccion-tabs .wp-block-getwid-accordion__header-wrapper {\n        border: none !important;\n        border-top: 1px solid #949494 !important;\n        padding-top: 32px;\n    }\n\n    .seccion-tabs .wp-block-getwid-accordion__header-wrapper:first-child {\n        border: none !important;\n        padding-top: 0;\n    }\n\n    .seccion-tabs .wp-block-getwid-accordion__header a {\n        font-size: 20px;\n        color: #1D1D1C;\n    }\n\n    .seccion-tabs .wp-block-getwid-accordion__header a .wp-block-getwid-accordion__icon {\n        color: #E30614;\n    }\n\n    .seccion-tabs .wp-block-getwid-accordion__content-wrapper {\n        margin-bottom: 24px;\n    }\n\n    .seccion-tabs .wp-block-getwid-accordion__content {\n        border: none;\n    }\n\n    @media (max-width: 767px) {\n        h2 {\n            font-size: 22px !important;\n        }\n\n        .banner-main .wp-block-columns {\n            align-items: flex-start !important;\n            padding-top: 48px;\n        }\n\n        .seccion-descripcion,\n        .seccion-modelos,\n        .seccion-caracteristicas,\n        .seccion-carga-rapida,\n        .seccion-tabs {\n            padding-top: 40px;\n            padding-bottom: 40px;\n        }\n\n        .seccion-descripcion .wp-block-columns .wp-block-column:first-of-type {\n            order: 1;\n        }\n\n        .seccion-modelos .wp-block-getwid-content-slider-slide {\n            margin-right: 8px;\n            margin-left: 8px;\n        }\n\n        .seccion-modelos .wp-block-getwid-content-slider-slide .wp-block-cover {\n            padding-right: 16px;\n            padding-left: 16px;\n        }\n\n        .seccion-modelos .wp-block-getwid-content-slider .slick-dots li button {\n            width: 45px;\n        }\n\n        .seccion-modelos .slick-arrow {\n            display: none !important;\n        }\n\n        .seccion-modelos .slick-dots {\n            max-width: 100%;\n            text-align: center;\n        }\n\n        .seccion-tabs .wp-block-columns {\n            gap: 0;\n        }\n\n        .banner-main .wp-block-columns .wp-block-column {\n            height: 100%;\n        }\n    }\n<\/style>\n<script>\n  document.querySelector(\".btn-models\").addEventListener(\"click\", function() {\n    document.getElementById(\"seccion-modelos\").scrollIntoView({\n      behavior: \"smooth\" \/\/ animaci\u00f3n suave\n    });\n  });\n<\/script>\n","protected":false},"excerpt":{"rendered":"<p>JMC 100% veh\u00edculos el\u00e9ctricos Dise\u00f1ados para mover negocios con tecnolog\u00eda, potencia y compromiso. JMC 100% el\u00e9ctricos Los veh\u00edculos el\u00e9ctricos JMC combinan innovaci\u00f3n, eficiencia y compromiso con el medio ambiente. Contamos con una amplia gama, desde pick ups, vans hasta camiones, ideales para todo tipo de negocios. Ofrecen menor costo operativo, cero emisiones y un desempe\u00f1o [&hellip;]<\/p>\n","protected":false},"author":11,"featured_media":0,"parent":0,"menu_order":0,"comment_status":"closed","ping_status":"closed","template":"page-templates\/landing-model-new.php","meta":{"_acf_changed":false,"inline_featured_image":false,"footnotes":""},"class_list":["post-8192","page","type-page","status-publish","hentry"],"acf":[],"yoast_head":"<!-- This site is optimized with the Yoast SEO Premium plugin v20.6 (Yoast SEO v26.2) - https:\/\/yoast.com\/wordpress\/plugins\/seo\/ -->\n<title>electricos | JMC Per\u00fa<\/title>\n<meta name=\"robots\" content=\"noindex, nofollow\" \/>\n<meta property=\"og:locale\" content=\"es_ES\" \/>\n<meta property=\"og:type\" content=\"article\" \/>\n<meta property=\"og:title\" content=\"electricos\" \/>\n<meta property=\"og:description\" content=\"JMC 100% veh\u00edculos el\u00e9ctricos Dise\u00f1ados para mover negocios con tecnolog\u00eda, potencia y compromiso. JMC 100% el\u00e9ctricos Los veh\u00edculos el\u00e9ctricos JMC combinan innovaci\u00f3n, eficiencia y compromiso con el medio ambiente. Contamos con una amplia gama, desde pick ups, vans hasta camiones, ideales para todo tipo de negocios. Ofrecen menor costo operativo, cero emisiones y un desempe\u00f1o [&hellip;]\" \/>\n<meta property=\"og:url\" content=\"https:\/\/jmc.pe\/camiones\/electricos\/\" \/>\n<meta property=\"og:site_name\" content=\"JMC Per\u00fa\" \/>\n<meta property=\"article:publisher\" content=\"https:\/\/www.facebook.com\/JMCPeruOficial\/\" \/>\n<meta property=\"article:modified_time\" content=\"2025-12-24T18:18:20+00:00\" \/>\n<meta property=\"og:image\" content=\"https:\/\/jmc.pe\/camiones\/wp-content\/uploads\/2025\/09\/banner-jmc-electricos-desktop.jpg\" \/>\n\t<meta property=\"og:image:width\" content=\"1920\" \/>\n\t<meta property=\"og:image:height\" content=\"800\" \/>\n\t<meta property=\"og:image:type\" content=\"image\/jpeg\" \/>\n<meta name=\"twitter:card\" content=\"summary_large_image\" \/>\n<meta name=\"twitter:label1\" content=\"Tiempo de lectura\" \/>\n\t<meta name=\"twitter:data1\" content=\"4 minutos\" \/>\n<!-- \/ Yoast SEO Premium plugin. -->","yoast_head_json":{"title":"electricos | JMC Per\u00fa","robots":{"index":"noindex","follow":"nofollow"},"og_locale":"es_ES","og_type":"article","og_title":"electricos","og_description":"JMC 100% veh\u00edculos el\u00e9ctricos Dise\u00f1ados para mover negocios con tecnolog\u00eda, potencia y compromiso. JMC 100% el\u00e9ctricos Los veh\u00edculos el\u00e9ctricos JMC combinan innovaci\u00f3n, eficiencia y compromiso con el medio ambiente. Contamos con una amplia gama, desde pick ups, vans hasta camiones, ideales para todo tipo de negocios. Ofrecen menor costo operativo, cero emisiones y un desempe\u00f1o [&hellip;]","og_url":"https:\/\/jmc.pe\/camiones\/electricos\/","og_site_name":"JMC Per\u00fa","article_publisher":"https:\/\/www.facebook.com\/JMCPeruOficial\/","article_modified_time":"2025-12-24T18:18:20+00:00","og_image":[{"width":1920,"height":800,"url":"https:\/\/jmc.pe\/camiones\/wp-content\/uploads\/2025\/09\/banner-jmc-electricos-desktop.jpg","type":"image\/jpeg"}],"twitter_card":"summary_large_image","twitter_misc":{"Tiempo de lectura":"4 minutos"},"schema":{"@context":"https:\/\/schema.org","@graph":[{"@type":"WebPage","@id":"https:\/\/jmc.pe\/camiones\/electricos\/","url":"https:\/\/jmc.pe\/camiones\/electricos\/","name":"electricos | JMC Per\u00fa","isPartOf":{"@id":"https:\/\/jmc.pe\/camiones\/#website"},"primaryImageOfPage":{"@id":"https:\/\/jmc.pe\/camiones\/electricos\/#primaryimage"},"image":{"@id":"https:\/\/jmc.pe\/camiones\/electricos\/#primaryimage"},"thumbnailUrl":"https:\/\/jmc.pe\/camiones\/wp-content\/uploads\/2025\/09\/banner-jmc-electricos-desktop.jpg","datePublished":"2025-09-11T16:38:03+00:00","dateModified":"2025-12-24T18:18:20+00:00","breadcrumb":{"@id":"https:\/\/jmc.pe\/camiones\/electricos\/#breadcrumb"},"inLanguage":"es","potentialAction":[{"@type":"ReadAction","target":["https:\/\/jmc.pe\/camiones\/electricos\/"]}]},{"@type":"ImageObject","inLanguage":"es","@id":"https:\/\/jmc.pe\/camiones\/electricos\/#primaryimage","url":"https:\/\/jmc.pe\/camiones\/wp-content\/uploads\/2025\/09\/banner-jmc-electricos-desktop.jpg","contentUrl":"https:\/\/jmc.pe\/camiones\/wp-content\/uploads\/2025\/09\/banner-jmc-electricos-desktop.jpg","width":1920,"height":800},{"@type":"BreadcrumbList","@id":"https:\/\/jmc.pe\/camiones\/electricos\/#breadcrumb","itemListElement":[{"@type":"ListItem","position":1,"name":"Portada","item":"https:\/\/jmc.pe\/camiones\/"},{"@type":"ListItem","position":2,"name":"electricos"}]},{"@type":"WebSite","@id":"https:\/\/jmc.pe\/camiones\/#website","url":"https:\/\/jmc.pe\/camiones\/","name":"JMC Per\u00fa | Camiones","description":"El mejor aliado para tu negocio de transporte.","potentialAction":[{"@type":"SearchAction","target":{"@type":"EntryPoint","urlTemplate":"https:\/\/jmc.pe\/camiones\/?s={search_term_string}"},"query-input":{"@type":"PropertyValueSpecification","valueRequired":true,"valueName":"search_term_string"}}],"inLanguage":"es"}]}},"_links":{"self":[{"href":"https:\/\/jmc.pe\/camiones\/wp-json\/wp\/v2\/pages\/8192","targetHints":{"allow":["GET"]}}],"collection":[{"href":"https:\/\/jmc.pe\/camiones\/wp-json\/wp\/v2\/pages"}],"about":[{"href":"https:\/\/jmc.pe\/camiones\/wp-json\/wp\/v2\/types\/page"}],"author":[{"embeddable":true,"href":"https:\/\/jmc.pe\/camiones\/wp-json\/wp\/v2\/users\/11"}],"replies":[{"embeddable":true,"href":"https:\/\/jmc.pe\/camiones\/wp-json\/wp\/v2\/comments?post=8192"}],"version-history":[{"count":8,"href":"https:\/\/jmc.pe\/camiones\/wp-json\/wp\/v2\/pages\/8192\/revisions"}],"predecessor-version":[{"id":9497,"href":"https:\/\/jmc.pe\/camiones\/wp-json\/wp\/v2\/pages\/8192\/revisions\/9497"}],"wp:attachment":[{"href":"https:\/\/jmc.pe\/camiones\/wp-json\/wp\/v2\/media?parent=8192"}],"curies":[{"name":"wp","href":"https:\/\/api.w.org\/{rel}","templated":true}]}}